{"id":85,"date":"2012-10-10T21:09:03","date_gmt":"2012-10-10T19:09:03","guid":{"rendered":"http:\/\/www.3d-sign.de\/?page_id=85"},"modified":"2021-10-26T23:57:39","modified_gmt":"2021-10-26T21:57:39","slug":"archiv","status":"publish","type":"page","link":"https:\/\/www.3d-sign.de\/?page_id=85","title":{"rendered":"> Archiv"},"content":{"rendered":"<p><a title=\"Aktuelles\" href=\"http:\/\/www.3d-sign.de\/?page_id=11\">zu den aktuellen Projekten<\/a><\/p>\n<p>\u2014\u2014\u2014\u2014\u2014\u2014\u2014\u2014\u2014\u2014\u2014\u2014\u2014\u2014\u2014\u2014\u2014\u2014\u2013<br \/>\nAbgeschlossene Projekte 2015:<br \/>\n\u2014\u2014\u2014\u2014\u2014\u2014\u2014\u2014\u2014\u2014\u2014\u2014\u2014\u2014\u2014\u2014\u2014\u2014\u2013<\/p>\n<p><strong>&#8222;RAMEAUS NEFFE AUF BAROCKER WOLKE&#8220;<\/strong><br \/>\nNach einem Text von Diderot<br \/>\n\u00fcbersetzt von Goethe<br \/>\nURAUFF\u00dcHRUNG<\/p>\n<p><iframe loading=\"lazy\" src=\"https:\/\/www.youtube.com\/embed\/-Q5iZ5Vidh8?rel=0&amp;showinfo=0\" width=\"640\" height=\"360\" frameborder=\"0\" allowfullscreen=\"allowfullscreen\" data-mce-fragment=\"1\"><\/iframe><br \/>\nDer neue Trailer f\u00fcr &#8218;Rameaus Neffe auf barocker Wolke&#8216; von E9N (http:\/\/e9n.de\/a1__\/index.html)<br \/>\nAuff\u00fchrungen im Mai 2015: 27.5.2015 bis 31.5.2015 im Gallus Theater Frankfurt am Main<\/p>\n<p>Das Gespr\u00e4ch zwischen Rameaus Neffen und dem Philosophen spricht in vorrevolution\u00e4rer Zeit und befasst sich mit den gesellschaftlichen Sachverhalten der Ausl\u00e4ufer absolutistischer, franz\u00f6sischer Gesellschaft, vor allem der Pariser Gesellschaft.<br \/>\nMusik, Gesang, R\u00e4ume, Objekte, Licht, darstellendes Spiel. In diese Barockwolke hinein blitzend: Rede und Gegenrede, st\u00fcrmen die B\u00fchne des Sprechtheaters, verschaffen dem Gespr\u00e4ch einen sinnlich gegenw\u00e4rtigen Kunstleib.<\/p>\n<p><strong>Regie, Konzeption, Dramaturgie<\/strong><br \/>\nDr Wilfried Fiebig<\/p>\n<p>Michael Fernbach(Schauspiel, Gesang, Klavier)<br \/>\nJanine Karthaus (Schauspiel, Gesang)<br \/>\nKathrin Maier (Schauspiel, Gesang)<br \/>\nJuliane Fuhrmann (Schauspiel, Gesang)<\/p>\n<p>Gabriele Zimmermann (Gesang)<br \/>\nBastian Fiebig (Komposition, Gesang)<\/p>\n<p>Johannes Schmidt (Licht)<br \/>\nJoerg Langhorst (Grafik)<\/p>\n<p>Dr. Wilfried Fiebig (B\u00fchne, Objekte, Kost\u00fcme)<\/p>\n<p>Unterst\u00fctzt von:<br \/>\nKulturamt der Stadt Frankfurt am Main<br \/>\nHfG Offenbach<\/p>\n<p><strong>ALLE AUFF\u00dcHRUNGEN:<\/strong><\/p>\n<p>April 2015<br \/>\nPREMIERE: Mittwoch, 15. April 2015, 20 Uhr<br \/>\nDonnerstag, 16. April 2015, 20 Uhr<br \/>\nFreitag, 17. April 2015, 20 Uhr<br \/>\nSamstag, 18. April 2015, 20 Uhr<\/p>\n<p>Mai 2015<br \/>\nMittwoch, 27. Mai 2015, 20 Uhr<br \/>\nDonnerstag, 28. Mai 2015, 20 Uhr<br \/>\nFreitag, 29. Mai 2015, 20 Uhr<br \/>\nSamstag , 30. Mai 2015, 20 Uhr<\/p>\n<p>Gallus Theater<br \/>\nTel. Reservierungen<br \/>\n069 75 80 60 20<br \/>\nKleyerstra\u00dfe 15<br \/>\n60326 Frankfurt<br \/>\nhttp:\/\/www.gallustheater.de<\/p>\n<p>\u2014\u2014\u2014\u2014\u2014\u2014\u2014\u2014\u2014\u2014\u2014\u2014\u2014\u2014\u2014\u2014\u2014\u2014\u2013<br \/>\nAbgeschlossene Projekte 2014:<br \/>\n\u2014\u2014\u2014\u2014\u2014\u2014\u2014\u2014\u2014\u2014\u2014\u2014\u2014\u2014\u2014\u2014\u2014\u2014\u2013<br \/>\n<strong>&#8222;BLUTHOCHZEIT&#8220;<br \/>\nTheaterst\u00fcck Von<br \/>\nFederico Garcia Lorca<\/strong><\/p>\n<p><iframe loading=\"lazy\" src=\"https:\/\/www.youtube.com\/embed\/vN5OWlcEvrs\" width=\"560\" height=\"315\" frameborder=\"0\" allowfullscreen=\"allowfullscreen\"><\/iframe><\/p>\n<p>Regie, Konzeption, Dramaturgie:<br \/>\nHelen K\u00f6rte<\/p>\n<p>DarstellerInnen:<br \/>\nRuth Klapperich, Dzuna Kalnina, Susanne Pfitschler, Simone Greiss, Raija Siikavirta, Claudio Vilardo, Damaso Mendez, Mario Krichbaum,<br \/>\nSpecial Guest Elena Thimmel.<br \/>\nDas Kind:<br \/>\nAnnemike Pl\u00f6\u00dfer<br \/>\nKomposition (instrumental):<br \/>\nMartin Lejeune<br \/>\nKomposition (vokal):<br \/>\nUwe Kremp<br \/>\nMusiker:<br \/>\nM. Lejeune (Gitarren etc.)<br \/>\nJens Hunstein (Blasinstrumente, Akkordeon)<br \/>\nB\u00fchne, Objekte, Kost\u00fcme:<br \/>\nW. Fiebig<br \/>\nKost\u00fcme:<br \/>\nMargarete Berghoff<br \/>\nChoreographie:<br \/>\nChananjah Pl\u00f6\u00dfer, Helen K\u00f6rte<br \/>\nFilm, Video, Projektionen, Grafik:<br \/>\nJ\u00f6rg Langhorst<br \/>\nAssistenz:<br \/>\nRebekka Waitz<br \/>\nLicht:<br \/>\nJohannes Schmidt<\/p>\n<p>ALLE<br \/>\nAUFF\u00dcHRUNGEN:<\/p>\n<p>April 2015<br \/>\nPREMIERE: Mittwoch, 15. April 2015, 20 Uhr<br \/>\nDonnerstag, 16. April 2015, 20 Uhr<br \/>\nFreitag, 17. April 2015, 20 Uhr<br \/>\nSamstag, 18. April 2015, 20 Uhr<\/p>\n<p>Mai 2015<br \/>\nMittwoch, 27. Mai 2015, 20 Uhr<br \/>\nDonnerstag, 28. Mai 2015, 20 Uhr<br \/>\nFreitag, 29. Mai 2015, 20 Uhr<br \/>\nSamstag , 30. Mai 2015, 20 Uhr<\/p>\n<p>Gallus Theater<br \/>\nTel. Reservierungen<br \/>\n069 75 80 60 20<br \/>\nKleyerstra\u00dfe 15<br \/>\n60326 Frankfurt<br \/>\nhttp:\/\/www.gallustheater.de<\/p>\n<p>\u2014\u2014\u2014\u2014\u2014\u2014\u2014\u2014\u2014\u2014\u2014\u2014\u2014\u2014\u2014\u2014\u2014\u2014\u2013<\/p>\n<p><strong>&#8222;Oblomow, zwei Lieben und ein Traum&#8220;<\/strong><\/p>\n<p>Ein `Kinderspiel\u00b4 aller K\u00fcnste.<\/p>\n<p><img decoding=\"async\" loading=\"lazy\" src=\"http:\/\/www.e9n.de\/img\/01_oblomow_2014.jpg\" alt=\"\" width=\"320\" height=\"450\" border=\"0\"><br \/>\n<img decoding=\"async\" loading=\"lazy\" src=\"http:\/\/www.e9n.de\/img\/05_oblomow_2014.jpg\" alt=\"\" width=\"320\" height=\"188\" border=\"0\"><\/p>\n<p>\u201eOblomow\u201c nach Alexandrowitsch Gontscharow<\/p>\n<p><object width=\"560\" height=\"315\" classid=\"clsid:d27cdb6e-ae6d-11cf-96b8-444553540000\" codebase=\"http:\/\/download.macromedia.com\/pub\/shockwave\/cabs\/flash\/swflash.cab#version=6,0,40,0\"><param name=\"allowFullScreen\" value=\"true\"><param name=\"allowscriptaccess\" value=\"always\"><param name=\"src\" value=\"\/\/www.youtube.com\/v\/dEYG38h7GmQ?version=3&amp;hl=de_DE&amp;rel=0\"><param name=\"allowfullscreen\" value=\"true\"><embed width=\"560\" height=\"315\" type=\"application\/x-shockwave-flash\" src=\"\/\/www.youtube.com\/v\/dEYG38h7GmQ?version=3&amp;hl=de_DE&amp;rel=0\" allowfullscreen=\"allowfullscreen\" allowscriptaccess=\"always\"><\/object><\/p>\n<p>ist wohl eher eine gro\u00dfe, sein Leben begleitende, Erz\u00e4hlung als ein Roman. In ihrer G\u00e4nze erst 1859 erscheinend , besteht aus drei, im Abstand von jeweils einem Jahrzehnt erschienenen Teilen. In circa 600 Seiten entfaltet sie, mit der Liebe des Langsamen, die Langsamkeit der Liebe, die poetische , als auch die prosaische. Im Staub, verlangsamter Materie, legt sich zur Ruhe die unruhige Zeit, weilt lange dort. Wie das gefallene Laub im Herbst der B\u00e4ume vom Gr\u00fcn der Jahre tr\u00e4umt, erz\u00e4hlt fl\u00fcsternd der Schlaf im Traum dem Oblomow vom Oblomow. Im Schlafrock erst kommt der eilende Gehrock zur Ruhe, ein Lob dem Schlafrock. Besucher wirbeln den Staub auf, machen sich jedoch nach kurzer Morgenvisite wieder aus demselben davon. Zur\u00fcck bleiben Herr und Knecht, Oblomow und sein Diener Sachar, der den Schlaf seines Herren h\u00fctet. Erst ein Mahnbrief des Dorfschulzen zum miserablen Zustand seines, dreihundertf\u00fcnfzig Seelen z\u00e4hlenden Gutes, entlockt Oblomow den Ausruf: \u201eAch du mein Gott! Das Leben macht sich f\u00fchlbar.\u201c Hinzu kommt, da\u00df er sich eine neue Wohnung suchen mu\u00df. Erl\u00f6sung davon findet er erneut im Schlaf, der ihn reichlich und seltsam mit dem Traum seiner Kindheit und Jugend beschenkt. Aus diesem Traum aber rei\u00dft ihn Stolz, seit beider Kindheit und Jugend, Oblomows Berater in Sachen der Verwaltung seines Guts als auch der Gestaltung seines Lebens. Stolz, Sohn eines deutschen Gutsverwalters in Russland sowie einer r\u00fchrenden, gebildeten russischen Mutter, immer auf In- und Auslandsreisen unterwegs, will Oblomow ins St.Petersburger Gesellschaftsleben einf\u00fchren, scheitert zwar, macht ihn aber mit der jungen Oljga bekannt. Die Musik , und der russische Flieder bilden den Stoff der poetischen Liebe zwischen ihr und Oblomow. Der in Oblomow aufkeimende Zweifel daran, die er in einem Brief an Oljga \u00e4u\u00dfert, wird von ihr emphatisch zur\u00fcckgewiesen. Es sind jedoch seine nicht gelingende Wohnungssuche, sowie das vom Gut, erst in einem Jahr zu erwartende Geld, die dem poetischen Augenblick seiner Hochzeit mit Oljga im Wege stehen. Im Angesicht dieser Oblomowerei trennt sich Oljga von Oblomow. Der poetische Teil seines Lebensideals scheitert. Der prosaische Teil jedoch findet in Agafia, der Hausfrau, bei der er zur Miete wohnt, eine sich, nach seiner heftigen Erkrankung, anbahnende innige Erf\u00fcllung. Mit ihr, die er heiratet, hat er einen Sohn. Auch Oljga, nach heftigen Zweifeln, entschlie\u00dft sich, Stolz zu lieben und zu heiraten. Was nach dem Gl\u00fccklichen Ende kommt, blendet Gontscharow aber nicht aus. Vielmehr beschreibt er uns den nun in der Lebensruhe sich entwickelnden beliebigen Reichtum beider \u201eLebensarchen\u201c. Mit Oblomovs Tod, einem von Zeit zu Zeit auf seinem Grabstein gelegten Fliederzweig und Agafia in Schwarz beendet Gontscharow seine Erz\u00e4hlung \u00fcber das Leben des Oblomow. Nach dem Besuch einer Messe str\u00f6mt die Menge auf die Stra\u00dfe hinaus, voran die gro\u00dfe zusammen gew\u00fcrfelte Gruppe der Bettler, die das Zeitalter der \u201eOblomowerei\u201c aus sich entl\u00e4sst.<\/p>\n<p>Gontscharows 600 seitige wunderbare Erz\u00e4hlung l\u00e4sst sich in einer solchen Zusammenfassung nicht erschlie\u00dfen. Sie mu\u00df daher in den \u00c4sthetiken der anderen K\u00fcnste, als es das literarische Werk des Dichters mit Hilfe der Vorstellungskraft des Lesers vermag, zur Erscheinung kommen. Nicht ein dialogisch f\u00fcr Theater-Rollenspiel konstruiertes Drehbuch vermag dem zu entsprechen. Der verbleibende Sprechtext, den alle Spieler ohne Rollenverteilung innen- und auswendig k\u00f6nnen m\u00fcssen, bildet die Grundlage f\u00fcr ihren , auch choreografischen, Umgang im Kontinuum aller anderen K\u00fcnste: Musik, Gesang, bildende Kunst, Lichtgestaltung, So werden sie, wie in einem Sandkasten Kinder mit Bagger, F\u00f6rmchen, St\u00f6cken,&#8230; \u201espielen\u201c, eben ein \u201eGesamtkunstwerk\u201c.<\/p>\n<p>Regie, Dramaturgie:<br \/>\n<strong>Wilfried Fiebig<\/strong><\/p>\n<p>Interventionen: Helen K\u00f6rte<\/p>\n<p>Schauspiel:<br \/>\n<strong>Wilfried Fiebig<\/strong><br \/>\n<strong> Janine Karthaus<\/strong><br \/>\n<strong> Mario Krichbaum<\/strong><\/p>\n<p>Musik\/musikalische Planung:<br \/>\n<strong>Claudia Hornbach<\/strong> (Akkordeon)<br \/>\n<strong>Gabriele Zimmermann<\/strong> (Gesang , Mezzo)<\/p>\n<p>B\u00fchne, Objekte, Kost\u00fcme:<br \/>\n<strong>Wilfried Fiebig<\/strong><\/p>\n<p>Licht:<br \/>\n<strong>Johannes Schmidt<\/strong><\/p>\n<p>Drucksachen, filmische Dokumentation:<br \/>\n<strong>J\u00f6rg Langhorst<\/strong><\/p>\n<p>Mit freundlicher Unterst\u00fctzung:<br \/>\nKulturamt Frankfurt am Main<br \/>\nHochschule f\u00fcr Gestaltung Offenbach\/M<\/p>\n<p>ALLE<br \/>\nAUFF\u00dcHRUNGEN:<\/p>\n<p>April 2014<\/p>\n<p><strong>PREMIERE:<\/strong><br \/>\n<strong> Mittwoch, 2. April 2014, 20 Uhr<\/strong><br \/>\nDonnerstag, 3. April 2014, 20 Uhr<br \/>\nFreitag, 4. April 2014, 20 Uhr<br \/>\nSamstag, 5. April 2014, 20 Uhr<\/p>\n<p>Mai 2014<br \/>\nDonnerstag, 1. Mai 2014, 20 Uhr<br \/>\nFreitag, 2. Mai 2014, 20 Uhr<br \/>\nSamstag , 3. Mai 2014, 20 Uhr<br \/>\nDonnerstag, 8. Mai 2014, 20 Uhr<br \/>\nFreitag, 9. Mai 2014, 20 Uhr<br \/>\nSamstag, 10. Mai 2014, 20 Uhr<\/p>\n<p>Gallus Theater<br \/>\nTel. Reservierungen<br \/>\n069 75 80 60 20<br \/>\nKleyerstra\u00dfe 15<br \/>\n60326 Frankfurt<br \/>\n<a title=\"Gallus Theater Frankfurt am Main\" href=\"http:\/\/www.gallustheater.de\">http:\/\/www.gallustheater.de<\/a><\/p>\n<p>\u2014\u2014\u2014\u2014\u2014\u2014\u2014\u2014\u2014\u2014\u2014\u2014\u2014\u2014\u2014\u2014\u2014\u2014\u2013<br \/>\nAbgeschlossene Projekte 2013:<br \/>\n\u2014\u2014\u2014\u2014\u2014\u2014\u2014\u2014\u2014\u2014\u2014\u2014\u2014\u2014\u2014\u2014\u2014\u2014\u2013<\/p>\n<p><strong>&#8222;Szenen eines Kulturvolkes&#8220;<\/strong><br \/>\n\u00fcber das Frauenorchester im Konzentrationslager Auschwitz.<\/p>\n<p><img decoding=\"async\" loading=\"lazy\" src=\"http:\/\/www.e9n.de\/img\/01_e9n_frauenorchester_2013.jpg\" alt=\"\" width=\"320\" height=\"428\" border=\"0\"><\/p>\n<p>25 Jahre nach der Urauff\u00fchrung f\u00fchrt das Ensemble 9. November in Frankfurt zum 50. Mal die \u201aSzenen eines Kulturvolkes\u201c \u00fcber das M\u00e4dchenorchester in Auschwitz auf.<\/p>\n<p><object width=\"560\" height=\"315\" classid=\"clsid:d27cdb6e-ae6d-11cf-96b8-444553540000\" codebase=\"http:\/\/download.macromedia.com\/pub\/shockwave\/cabs\/flash\/swflash.cab#version=6,0,40,0\"><param name=\"allowFullScreen\" value=\"true\"><param name=\"allowscriptaccess\" value=\"always\"><param name=\"src\" value=\"\/\/www.youtube.com\/v\/Cl2W5f5havY?version=3&amp;hl=de_DE&amp;rel=0\"><param name=\"allowfullscreen\" value=\"true\"><embed width=\"560\" height=\"315\" type=\"application\/x-shockwave-flash\" src=\"\/\/www.youtube.com\/v\/Cl2W5f5havY?version=3&amp;hl=de_DE&amp;rel=0\" allowfullscreen=\"allowfullscreen\" allowscriptaccess=\"always\"><\/object><\/p>\n<p>ALLE<br \/>\nAUFF\u00dcHRUNGEN:<\/p>\n<p>OKTOBER 2013<br \/>\nMittwoch, 9. Oktober, 20:00 Uhr<br \/>\nDonnerstag, 10. Oktober, 20:00 Uhr<br \/>\nFreitag, 11. Oktober, 20:00 Uhr<br \/>\nSamstag, 12. Oktober, 20:00 Uhr<\/p>\n<p>Naxoshalle<br \/>\nWittelsbacherallee 29<br \/>\n60316 Frankfurt<br \/>\nhttp:\/\/www.theater-willypraml.de\/<\/p>\n<p>Dezember 2013<br \/>\nDienstag, 3. Dezember, 20:00 Uhr<br \/>\nMittwoch, 4. Dezember, 20:00 Uhr<\/p>\n<p>Gallus Theater<br \/>\nKleyerstra\u00dfe 15<br \/>\n60326 Frankfurt<br \/>\nhttp:\/\/www.gallustheater.de<\/p>\n<p><strong>&#8222;Die V\u00f6gel&#8220;<\/strong><\/p>\n<p><img decoding=\"async\" src=\"http:\/\/www.e9n.de\/img\/01_die_voegel.jpg\" alt=\"Die Voegel - E9N\"><\/p>\n<p>Eine komische Theater &#8211; Oper<br \/>\nMusiktheater<br \/>\nEnsemble 9. November<br \/>\n<a title=\"Ensemble 9. November\" href=\"http:\/\/www.e9n.de\/a1__\/index.html\">http:\/\/www.e9n.de<\/a><\/p>\n<p><object width=\"560\" height=\"315\" classid=\"clsid:d27cdb6e-ae6d-11cf-96b8-444553540000\" codebase=\"http:\/\/download.macromedia.com\/pub\/shockwave\/cabs\/flash\/swflash.cab#version=6,0,40,0\"><param name=\"allowFullScreen\" value=\"true\"><param name=\"allowscriptaccess\" value=\"always\"><param name=\"src\" value=\"\/\/www.youtube.com\/v\/1esnIh1jRME?version=3&amp;hl=de_DE&amp;rel=0\"><param name=\"allowfullscreen\" value=\"true\"><embed width=\"560\" height=\"315\" type=\"application\/x-shockwave-flash\" src=\"\/\/www.youtube.com\/v\/1esnIh1jRME?version=3&amp;hl=de_DE&amp;rel=0\" allowfullscreen=\"allowfullscreen\" allowscriptaccess=\"always\"><\/object><br \/>\nSzenische Abfolge:<\/p>\n<p>1. Vogelpartitur<br \/>\n2. Das Schreckliche<br \/>\n3. Vogelk\u00fcche<br \/>\n4. Landschaft\/Jahreszeiten<br \/>\n5. Vogelgeschichten<br \/>\n6. Nachtigall<\/p>\n<p>REGIE, DRAMATURGIE:<br \/>\nWilfried Fiebig<\/p>\n<p>LEITUNG:<br \/>\nHelen K\u00f6rte, Wilfried Fiebig<\/p>\n<p>MUSIK:<br \/>\nStefan V\u00f6lker: (Klarinette, Saxophon)<br \/>\nBernhard Zapp: (Violoncello)<br \/>\nGabriele Zimmermann: (Mezzosopran)<\/p>\n<p>DARSTELLER \/ INNEN:<br \/>\nSimone Grei\u00df,<br \/>\nJanine Karthaus,<br \/>\nDamaso Mendez (T\u00e4nzer)<\/p>\n<p>B\u00dcHNE, OBJEKTE, KOST\u00dcME:<br \/>\nWilfried Fiebig<\/p>\n<p>LICHT:<br \/>\nJohannes Schmidt<\/p>\n<p>PLAKAT UND DRUCKSACHEN:<br \/>\nJ\u00f6rg Langhorst<\/p>\n<p>PREMIERE:<\/p>\n<p>Mittwoch, 31. Oktober 2012<br \/>\nWEITERE<br \/>\nAUFF\u00dcHRUNGEN:<br \/>\nDonnerstag, 1. November, 20:00 Uhr<br \/>\nFreitag, 2. November, 20:00 Uhr<br \/>\nMittwoch, 7. November, 20:00 Uhr<br \/>\nDonnerstag, 8. November, 20:00 Uhr<br \/>\nFreitag, 9. November, 20:00 Uhr<br \/>\nSamstag, 10. November, 20:00 Uhr<br \/>\nFreitag, 14. Dezember, 20:00 Uhr<br \/>\nSamstag, 15. Dezember, 20:00 Uhr<\/p>\n<p>Gallus Theater<br \/>\nTel. Reservierungen<br \/>\n069 75 80 60 20<br \/>\nKleyerstra\u00dfe 15<br \/>\n60326 Frankfurt<br \/>\n<a title=\"Gallus Theater Frankfurt am Main\" href=\"http:\/\/www.gallustheater.de\">http:\/\/www.gallustheater.de<\/a><\/p>\n<p>\u2014\u2014\u2014\u2014\u2014\u2014\u2014\u2014\u2014\u2014\u2014\u2014\u2014\u2014\u2014\u2014\u2014\u2014\u2013<br \/>\nAbgeschlossene Projekte 2012:<br \/>\n\u2014\u2014\u2014\u2014\u2014\u2014\u2014\u2014\u2014\u2014\u2014\u2014\u2014\u2014\u2014\u2014\u2014\u2014\u2013<\/p>\n<p>LA STRADA 2012<br \/>\nMusiktheater<br \/>\nnach Federico Fellini<br \/>\n<a title=\"Ensemble 9. November\" href=\"http:\/\/www.e9n.de\">http:\/\/www.e9n.de<\/a><br \/>\nFilm und Musiktheater<\/p>\n<p>REGIE, DRAMATURGIE: Helen K\u00f6rte<br \/>\nMUSIK UND KOMPOSITION: Elvira Plenar<br \/>\nB\u00dcHNE: Wilfried Fiebig<\/p>\n<p>DARSTELLERINNEN und DARSTELLER:<br \/>\nDzuna Kalnina<br \/>\nHanna Linde<br \/>\nRaija Siikavirta<br \/>\nClaudio Vilardo<br \/>\nDamaso Mendez: T\u00e4nzer<br \/>\n(FILM:)<br \/>\nWilfried Fiebig<br \/>\nRuth Klapperich<br \/>\nRaija Siikavirta<br \/>\nClaudio Vilardo<br \/>\nDie Kinder: Anna Katharina Bach<br \/>\nHanna Brugger<br \/>\nAnnemike Pl\u00f6\u00dfer<br \/>\nBrenda Puttini<\/p>\n<p>Musik:<br \/>\nJens Hunstein: Klarinette, Tuba, Fl\u00f6te, Akkordeon und weitere<br \/>\nIna Kleine-Wiskott: Violine<br \/>\nElvira Plenar: Piano<br \/>\nDzuna Kalnina: Gesang<\/p>\n<p>Choreographie:<br \/>\nDamaso Mendez.<\/p>\n<p>Kost\u00fcme:<br \/>\nPauline Plenar<br \/>\nWilfried Fiebig.<\/p>\n<p>PROJEKTIONEN und FILM:<br \/>\nJ\u00f6rg Langhorst<\/p>\n<p>PREMIERE:<\/p>\n<p>Donnerstag, 1. M\u00e4rz, 20:00 Uhr<br \/>\nWEITERE<br \/>\nAUFF\u00dcHRUNGEN:<\/p>\n<p>M\u00e4rz 2012<\/p>\n<p>Freitag, 2. M\u00e4rz, 20:00 Uhr<br \/>\nSamstag, 3. M\u00e4rz, 20:00 Uhr<br \/>\nSonntag, 4. M\u00e4rz, 20:00 Uhr<br \/>\nDonnerstag, 15. M\u00e4rz, 20:00 Uhr<br \/>\nFreitag, 16. M\u00e4rz, 20:00 Uhr<br \/>\nSamstag, 17. M\u00e4rz, 20:00 Uhr<br \/>\nFreitag, 27. April, 20:00 Uhr<br \/>\nSamstag, 28. April, 20:00 Uhr<br \/>\nWIEDERAUFNAHME:<\/p>\n<p>April 2013<\/p>\n<p>Donnerstag, 18. April, 20:00 Uhr<br \/>\nFreitag, 19. April, 20:00 Uhr<br \/>\nSamstag, 20. April, 20:00 Uhr<br \/>\nGallus Theater<br \/>\nTel. Reservierungen<br \/>\n069 75 80 60 20<br \/>\nKleyerstra\u00dfe 15<br \/>\n60326 Frankfurt<br \/>\nhttp:\/\/www.gallustheater.de<br \/>\n\u2014\u2014\u2014\u2014\u2014\u2014\u2014\u2014\u2014\u2014\u2014\u2014\u2014\u2014\u2014\u2014\u2014\u2014\u2013<br \/>\nAbgeschlossene Projekte 2011:<br \/>\n\u2014\u2014\u2014\u2014\u2014\u2014\u2014\u2014\u2014\u2014\u2014\u2014\u2014\u2014\u2014\u2014\u2014\u2014\u2013<\/p>\n<p>\u201eTRILOGIE DES WAHNSINNS<br \/>\nAUF HALBER STRECKE\u201c<br \/>\nEnsemble 9. November<br \/>\n<a title=\"Ensemble 9. November\" href=\"http:\/\/www.e9n.de\">http:\/\/www.e9n.de<\/a><br \/>\nFilm und Musiktheater<br \/>\nnach Geschichten von Daniil Charms (Film)<br \/>\nKurzgeschichten aus der Sammlung<br \/>\n\u201aGute Knochen\u2018 von Margaret Atwood<br \/>\n\u201aBombenfrau\u2018 von Ivana Sajko, Verlag der Autoren FFM (Theater)<br \/>\nRegie (Theater + Film): Helen K\u00f6rte<br \/>\nKomposition (Theater): Martin Lejeune<br \/>\nKomposition (Film): Elvira Plenar<br \/>\nFilm (Kamera \/ Schnitt): J\u00f6rg Langhorst<br \/>\nB\u00fchne und Objekte: Wilfried Fiebig<br \/>\nKost\u00fcme: Margarete Berghoff<br \/>\nAssistenz: Miriam de Leuw<br \/>\nPREMIERE:<br \/>\nDo. 31. M\u00e4rz 2011 20:00 Uhr<br \/>\nWEITERE<br \/>\nAUFF\u00dcHRUNGEN:<br \/>\nFr. 1. April 2011 20:00 Uhr<br \/>\nSa. 2. April 2011 20:00 Uhr<br \/>\nSo. 3. April 2011 20:00 Uhr<br \/>\nMi. 6. April 2011 20:00 Uhr<br \/>\nDo. 7. April 2011 20:00 Uhr<br \/>\nFr. 8. April 2011 20:00 Uhr<br \/>\nFr. 13. Mai 2011 20:00 Uhr<br \/>\nSo. 15. Mai 2011 20:00 Uhr<br \/>\nGallus Theater<br \/>\nTel. Reservierungen<br \/>\n069 75 80 60 20<br \/>\nKleyerstra\u00dfe 15<br \/>\n60326 Frankfurt<br \/>\nhttp:\/\/www.gallustheater.de<br \/>\n\u2014\u2014\u2014\u2014\u2014\u2014\u2014\u2014\u2014\u2014\u2014\u2014\u2014\u2014\u2014\u2014\u2014\u2014\u2013<br \/>\nAbgeschlossene Projekte 2010:<br \/>\n\u2014\u2014\u2014\u2014\u2014\u2014\u2014\u2014\u2014\u2014\u2014\u2014\u2014\u2014\u2014\u2014\u2014\u2014\u2013<br \/>\n\u201eSIMPLICIUS SIMPLICISSIMUS\u201c<br \/>\nPREMIERE:<br \/>\nGALLUS THEATER<br \/>\nFr. 8. Okt. 2010, 20 Uhr<br \/>\nWEITERE AUFF\u00dcHRUNGEN:<br \/>\nOktober 2010<br \/>\nSa. 9.10. 20 Uhr<br \/>\nSo. 10.10. 20 Uhr<br \/>\nDi. 12.10. 20 Uhr<br \/>\nDo. 14.10. 20 Uhr<br \/>\nFr. 15.10. 20 Uhr<br \/>\nSa. 16.10. 20 Uhr<br \/>\nNovember und Dezember<br \/>\nMo. 29.11. 9 Uhr, 11 Uhr<br \/>\nDi. 30.11. 9 Uhr, 11 Uhr<br \/>\nMi. 1.12. 9 Uhr, 11 Uhr<br \/>\nDo. 2.12. 9 Uhr, 11 Uhr<br \/>\nFr. 3.12. 9 Uhr, 11 Uhr<br \/>\nSo. 5.12. 15 Uhr<br \/>\nMo. 13.12. 9 Uhr, 11 Uhr<br \/>\nDi. 14.12. 9 Uhr, 11 Uhr<br \/>\nMi. 15.12. 9 Uhr, 11 Uhr<br \/>\nDo. 16.12. 9 Uhr, 11 Uhr<br \/>\nFr. 17.12. 9 Uhr, 11 Uhr, 20 Uhr<br \/>\nSa. 18.12. 15 Uhr, 20 Uhr<br \/>\nSo. 19.12. 15 Uhr, 20 Uhr<br \/>\nMi. 22.12. 15 Uhr<br \/>\nDo. 23.12. 15 Uhr<br \/>\nVormittagsvorstellungen<br \/>\nnur mit Voranmeldung.<br \/>\n\u2014\u2014\u2014\u2014\u2014\u2014\u2014\u2014\u2014\u2014\u2014\u2014\u2014\u2014\u2014\u2014\u2014\u2014\u2013<br \/>\n\u201eTANZ DER HEUSCHRECKEN\u201c<br \/>\noder \u201eDie geheimen Gedanken<br \/>\nder Manager\u201c<br \/>\nWIEDERAUFNAHME IN NOVEMBER :<br \/>\nDo. 04. November<br \/>\nFr. 05. November<br \/>\nSa. 06. November<br \/>\nJeweils 20.00 Uhr<br \/>\nGallus Theater<br \/>\nTel. Reservierungen<br \/>\n069 75 80 60 20<br \/>\nKleyerstra\u00dfe 15<br \/>\n60326 Frankfurt<br \/>\nhttp:\/\/www.gallustheater.de<br \/>\n\u2014\u2014\u2014\u2014\u2014\u2014\u2014\u2014\u2014\u2014\u2014\u2014\u2014\u2014\u2014\u2014\u2014\u2014\u2013<br \/>\nhistorisches museum frankfurt<br \/>\n15. April bis 29. August 2010:<br \/>\n\u201cFremde im Visier\u201d<br \/>\nFotoalben aus dem Zweiten Weltkrieg<br \/>\nSaalgasse 19 (R\u00f6merberg)<br \/>\n60311 Frankfurt am Main<br \/>\nhttp:\/\/www.historisches-museum.frankfurt.de<\/p>\n","protected":false},"excerpt":{"rendered":"<p>zu den aktuellen Projekten \u2014\u2014\u2014\u2014\u2014\u2014\u2014\u2014\u2014\u2014\u2014\u2014\u2014\u2014\u2014\u2014\u2014\u2014\u2013 Abgeschlossene Projekte 2015: \u2014\u2014\u2014\u2014\u2014\u2014\u2014\u2014\u2014\u2014\u2014\u2014\u2014\u2014\u2014\u2014\u2014\u2014\u2013 &#8222;RAMEAUS NEFFE AUF BAROCKER WOLKE&#8220; Nach einem Text von Diderot \u00fcbersetzt von Goethe URAUFF\u00dcHRUNG Der neue Trailer f\u00fcr &#8218;Rameaus Neffe auf barocker Wolke&#8216; von E9N (http:\/\/e9n.de\/a1__\/index.html) Auff\u00fchrungen im Mai 2015: 27.5.2015 bis 31.5.2015 im Gallus Theater Frankfurt am Main Das Gespr\u00e4ch zwischen Rameaus Neffen und dem [&hellip;]<\/p>\n","protected":false},"author":2,"featured_media":0,"parent":11,"menu_order":0,"comment_status":"closed","ping_status":"open","template":"","meta":[],"_links":{"self":[{"href":"https:\/\/www.3d-sign.de\/index.php?rest_route=\/wp\/v2\/pages\/85"}],"collection":[{"href":"https:\/\/www.3d-sign.de\/index.php?rest_route=\/wp\/v2\/pages"}],"about":[{"href":"https:\/\/www.3d-sign.de\/index.php?rest_route=\/wp\/v2\/types\/page"}],"author":[{"embeddable":true,"href":"https:\/\/www.3d-sign.de\/index.php?rest_route=\/wp\/v2\/users\/2"}],"replies":[{"embeddable":true,"href":"https:\/\/www.3d-sign.de\/index.php?rest_route=%2Fwp%2Fv2%2Fcomments&post=85"}],"version-history":[{"count":17,"href":"https:\/\/www.3d-sign.de\/index.php?rest_route=\/wp\/v2\/pages\/85\/revisions"}],"predecessor-version":[{"id":264,"href":"https:\/\/www.3d-sign.de\/index.php?rest_route=\/wp\/v2\/pages\/85\/revisions\/264"}],"up":[{"embeddable":true,"href":"https:\/\/www.3d-sign.de\/index.php?rest_route=\/wp\/v2\/pages\/11"}],"wp:attachment":[{"href":"https:\/\/www.3d-sign.de\/index.php?rest_route=%2Fwp%2Fv2%2Fmedia&parent=85"}],"curies":[{"name":"wp","href":"https:\/\/api.w.org\/{rel}","templated":true}]}}